{"id":4359,"date":"2018-03-30T12:29:54","date_gmt":"2018-03-30T10:29:54","guid":{"rendered":"http:\/\/castellodipralormo.com\/location-und-hochzeiten\/"},"modified":"2018-04-09T09:47:12","modified_gmt":"2018-04-09T07:47:12","slug":"location-und-hochzeiten","status":"publish","type":"page","link":"https:\/\/castellodipralormo.com\/de\/location-und-hochzeiten\/","title":{"rendered":"Location und Hochzeiten"},"content":{"rendered":"<p>[vc_row wrap_container=&#8221;yes&#8221; css=&#8221;.vc_custom_1504021655198{margin-top: -10px !important;}&#8221;][vc_column width=&#8221;3\/4&#8243;][vc_column_text]<\/p>\n<h1>Location und Hochzeiten<\/h1>\n<p>[\/vc_column_text][vc_column_text]<\/p>\n<p style=\"text-align: center;\"><strong>Im Zauberhaften Rahmen des Schlosses von Pralormo sind  Standesamtliche Trauungen m\u00f6glich.<\/strong><\/p>\n<p>[\/vc_column_text][vc_single_image image=&#8221;2985&#8243; img_size=&#8221;full&#8221; alignment=&#8221;center&#8221;][vc_column_text]Die Trauung vollzogen an einem Ort wie das Schloss von Pralormo mit seinem hohen k\u00fcnstlerischen  und geschichtlichen Wert, verspricht zu einem einzigartigen und unverge\u00dflichen  Erlebnis f\u00fcr so eine Feierlichkeit sowohl f\u00fcr das Braurpaar als auch seinen G\u00e4sten zu werden.<br \/>\nIm Schlosspark befinden sich weitere faszinierende Anlagen, die f\u00fcr Empf\u00e4nge, Hochzeiten und Konferenzen zur Verf\u00fcgung stehen.<\/p>\n<p>Empf\u00e4nge werden auf dem Schloss von Pralormo in der Orangerie abgehalten, einem antiken  franz\u00f6sischem Gew\u00e4chshaus und in der Scheune, La Castellana, ein Bauernhof mit ihren gro\u00dfartigen Stallungen: bei der Restaurierung ab dem Jahr 1985 wurden dabei die architektonischen Originale sowie die Benutzung der Materialien aus der damaligen Zeit respektiert und bewahrt. Aussergew\u00f6hnlich ist besonders der Boden aus Stein, der erhalten wurde, einfach geputzt und nun regelm\u00e4\u00dfig gewachst wird. Der antike Ziegelstein gibt dem Ambiente eine warme Ausstrahlung und seine Resistenz ist optimal. Den W\u00e4nden hat man  ihre typisch l\u00e4ndliche Unregelm\u00e4\u00df igkeit gelassen und sie wei\u00df  gekalkt, und mit Ornamenten wie Gartenmotive aus dem 18.Jhd, dekoriert.   <\/p>\n<p>Einen angesehenen Rahmen f\u00fcr solch ein Ereignis ist der Ausblick vom Schloss.Der romantische Englische Garten steht dem Brautpaar zum Fotos machen voll und ganz zur Verf\u00fcgung.  <\/p>\n<p>Um den Einla\u00df der G\u00e4ste zu vereinfachen befindet sich direkt vorm Haupteingang ein gro\u00dfer und bequemer Parkplatz, Au\u00dferdem sind die K\u00fcchen modernisiert worden um sie bequemer benutzen zu k\u00f6nnen.[\/vc_column_text][vc_single_image image=&#8221;2988&#8243; img_size=&#8221;full&#8221; alignment=&#8221;center&#8221;][vc_column_text]<\/p>\n<h3>Verf\u00dcgbare pl\u00c4tze und r\u00c4umlichkeiten<\/h3>\n<p><strong>Die L\u2019ORANGERIE<\/strong>, antikes Gew\u00e4chshaus aus Glas mit Zitrusfr\u00fcchten, zeigt zum Park mit hellen Glasfronten, Gro\u00dfe \u00dcberdachung im Freien, ideal w\u00e4hrend der Sommerzeit und ein sehr einladendes Ambiente mit dem antiken Steinboden.[\/vc_column_text][vc_single_image image=&#8221;2994&#8243; img_size=&#8221;medium&#8221; alignment=&#8221;center&#8221;][vc_column_text]<strong>Ger\u00e4umigkeit:<\/strong><br \/>\nEinziger Saal, f\u00fcr max.130 Sitzpl\u00e4tze, mit zwei kleineren S\u00e4len, Heizung, Terrassen\u00fcberdachung f\u00fcr evtl, Aperetifbereich und Nutzbar bei schlechtem Wetter. Normalerweise wird der Aperetif im Park vor dem Schloss hergerichtet. Bei sch\u00f6nem Wetter nehmen die G\u00e4ste an Tischen je 10 Personen, Platz, sowohl im Innern der Orangerie als auch unter der Terrassen\u00fcberdachung, im Freien, es werden alle vier Glastore ge\u00f6ffnet, soda\u00df es zu einer gro\u00dfen Fl\u00e4che wird und bis zu 250 Personen Platz bietet. Falls das Brautpaar die Tische auf der Wiese im Freien stehen haben m\u00f6chte ist dies auch m\u00f6glich. [\/vc_column_text][vc_column_text]<\/p>\n<h3>Aperitif<\/h3>\n<p>[\/vc_column_text][vc_row_inner][vc_column_inner width=&#8221;1\/4&#8243;][\/vc_column_inner][vc_column_inner width=&#8221;1\/4&#8243;][vc_single_image image=&#8221;3030&#8243; img_size=&#8221;medium&#8221; alignment=&#8221;center&#8221;][\/vc_column_inner][vc_column_inner width=&#8221;1\/4&#8243;][vc_single_image image=&#8221;3185&#8243; img_size=&#8221;medium&#8221; alignment=&#8221;center&#8221;][\/vc_column_inner][vc_column_inner width=&#8221;1\/4&#8243;][\/vc_column_inner][\/vc_row_inner][vc_row_inner][vc_column_inner][vc_column_text]<\/p>\n<h3>Mittagessen<\/h3>\n<p>[\/vc_column_text][\/vc_column_inner][\/vc_row_inner][vc_row_inner][vc_column_inner width=&#8221;1\/4&#8243;][\/vc_column_inner][vc_column_inner width=&#8221;1\/4&#8243;][vc_single_image image=&#8221;3024&#8243; img_size=&#8221;medium&#8221; alignment=&#8221;center&#8221;][\/vc_column_inner][vc_column_inner width=&#8221;1\/4&#8243;][vc_single_image image=&#8221;3189&#8243; img_size=&#8221;medium&#8221; alignment=&#8221;center&#8221;][\/vc_column_inner][vc_column_inner width=&#8221;1\/4&#8243;][\/vc_column_inner][\/vc_row_inner][vc_row_inner][vc_column_inner][vc_column_text]Das L\u00e4ndliche Geb\u00e4ude <strong>LA CASTELLANA<\/strong>, mit den enormen Stallungen und Ziegelgew\u00f6lben, das richtige Flair f\u00fcr Aperetife und Tanz, die rustikale Halle setzt den Empfang in Szene.  [\/vc_column_text][vc_single_image image=&#8221;2991&#8243; img_size=&#8221;medium&#8221; alignment=&#8221;center&#8221; label=&#8221;&#8221;][vc_column_text]<strong>R\u00e4umligkeiten in der Castellana:<\/strong><br \/>\nDer antike Hof besitzt verschiedene R\u00e4ume, Raum gibt es:<br \/>\nIm Erdgeschoss<br \/>\n&#8211; STALLUNGEN: 200 Sitzpl\u00e4tze, gro\u00dfer Saal mit Heizung;<br \/>\n&#8211; WEINDEPOT: 130 Sitzpl\u00e4tze,gro\u00dfer Saal mit Heizung,<br \/>\n &#8211; 2 gro\u00dfe H\u00f6fe f\u00fcr Aperetive stehen zur Verf\u00fcgung<br \/>\nIm ersten Stock<br \/>\n&#8211; ANTIKE SCHEUNE MIT OFFENEM BEREICH: 200 Sitzpl\u00e4tze, zeigt auf den gro\u00dfen  romantischen Englischen Park , der zum fotografieren zur Verf\u00fcgung steht[\/vc_column_text][\/vc_column_inner][\/vc_row_inner][vc_row_inner][vc_column_inner][vc_column_text]<\/p>\n<h3>Aperitif<\/h3>\n<p>[\/vc_column_text][\/vc_column_inner][\/vc_row_inner][vc_row_inner][vc_column_inner][vc_gallery type=&#8221;image_grid&#8221; images=&#8221;3018,3015,3012&#8243; img_size=&#8221;medium&#8221;][\/vc_column_inner][\/vc_row_inner][vc_row_inner][vc_column_inner][vc_column_text]<\/p>\n<h3>Mittagessen<\/h3>\n<p>[\/vc_column_text][\/vc_column_inner][\/vc_row_inner][vc_row_inner][vc_column_inner][vc_gallery type=&#8221;image_grid&#8221; images=&#8221;3009,3006,3003&#8243; img_size=&#8221;medium&#8221;][\/vc_column_inner][\/vc_row_inner][vc_row_inner][vc_column_inner][vc_column_text]<strong>Der Park<\/strong> mit seinen alten B\u00e4umen und seinen romantischen Wegen, steht dem Brautpaar f\u00fcrs fotografieren zur Verf\u00fcgung.<br \/>\nW\u00e4hrend den Empf\u00e4ngen kann man den Anblick auf das beleuchtete Schloss vom Park aus geniesen. [\/vc_column_text][\/vc_column_inner][\/vc_row_inner][vc_row_inner][vc_column_inner width=&#8221;1\/4&#8243;][\/vc_column_inner][vc_column_inner width=&#8221;1\/4&#8243;][vc_single_image image=&#8221;3000&#8243; img_size=&#8221;medium&#8221; alignment=&#8221;center&#8221;][\/vc_column_inner][vc_column_inner width=&#8221;1\/4&#8243;][vc_single_image image=&#8221;2997&#8243; img_size=&#8221;medium&#8221; alignment=&#8221;center&#8221;][\/vc_column_inner][vc_column_inner width=&#8221;1\/4&#8243;][\/vc_column_inner][\/vc_row_inner][\/vc_column][vc_column width=&#8221;1\/4&#8243;]<div class=\"porto-block\"><style>.vc_custom_1504021655198{margin-top: -10px !important;}.vc_custom_1505485521375{padding-left: 30px !important;}<\/style>[vc_row wrap_container=\"yes\" css=\".vc_custom_1504021655198{margin-top: -10px !important;}\"][vc_column css=\".vc_custom_1505485521375{padding-left: 30px !important;}\"][vc_empty_space height=\"18px\"][vc_column_text]<a href=\"http:\/\/castellodipralormo.com\/de\/schlossbesichtigungen\/\"><img class=\"alignnone wp-image-3229 size-full\" src=\"http:\/\/castellodipralormo.com\/wp-content\/uploads\/2018\/04\/visite-al-castello-de.jpg\" alt=\"visite-al-castello-de\" width=\"430\" height=\"215\" \/><\/a>\r\n<a href=\"http:\/\/castellodipralormo.com\/de\/messer-tulpen\/\"><img class=\"alignnone wp-image-2001 size-full\" style=\"margin-top: 15px;\" src=\"http:\/\/castellodipralormo.com\/wp-content\/uploads\/2018\/04\/messer-tulipano-de.jpg\" alt=\"messer-tulipano-de\" width=\"430\" height=\"215\" \/><\/a>\r\n<a href=\"http:\/\/castellodipralormo.com\/de\/die-modelleisenbahnen-des-grafen\/\"><img class=\"alignnone wp-image-2010 size-full\" style=\"margin-top: 15px;\" src=\"http:\/\/castellodipralormo.com\/wp-content\/uploads\/2018\/04\/il-trenino-del-conte-de.jpg\" alt=\"il-trenino-del-conte-de\" width=\"430\" height=\"215\" \/><\/a>\r\n<a href=\"http:\/\/castellodipralormo.com\/de\/location-und-hochzeiten\/\"><img class=\"alignnone size-full wp-image-2007\" style=\"margin-top: 15px;\" src=\"http:\/\/castellodipralormo.com\/wp-content\/uploads\/2018\/04\/eventi-e-matrimoni-de.jpg\" alt=\"eventi-e-matrimoni-de\" width=\"430\" height=\"215\" \/><\/a>\r\n<a href=\"http:\/\/www.lecasedellagiardiniera.it\/de\/home\/\"><img class=\"alignnone size-full wp-image-2004\" style=\"margin-top: 15px;\" src=\"http:\/\/castellodipralormo.com\/wp-content\/uploads\/2018\/04\/ospitalita-de.jpg\" alt=\"le-case-della-giardiniera-de\" width=\"430\" height=\"215\" \/><\/a>[\/vc_column_text][\/vc_column][\/vc_row]<\/div>[\/vc_column][\/vc_row][vc_row][vc_column][vc_column_text]<\/p>\n<h1>Empf\u00e4nge<\/h1>\n<p>[\/vc_column_text][\/vc_column][\/vc_row][vc_row][vc_column][vc_column_text]<\/p>\n<h3>Location<\/h3>\n<p>[\/vc_column_text][vc_gallery type=&#8221;image_grid&#8221; images=&#8221;3065,3062,3059,3056,3053,3050,3047,3044&#8243;][\/vc_column][\/vc_row][vc_row][vc_column][vc_column_text]<\/p>\n<h3>Standesamtliche Trauung<\/h3>\n<p>[\/vc_column_text][vc_gallery type=&#8221;image_grid&#8221; images=&#8221;3041,3038,3035&#8243;][\/vc_column][\/vc_row][vc_row][vc_column][vc_column_text]<\/p>\n<h3>Die Kapelle<\/h3>\n<p>[\/vc_column_text][vc_gallery type=&#8221;image_grid&#8221; images=&#8221;3174,3171,3168,3165&#8243;][\/vc_column][\/vc_row][vc_row][vc_column][vc_column_text]<\/p>\n<h3>L\u2019Orangerie<\/h3>\n<p>[\/vc_column_text][vc_gallery type=&#8221;image_grid&#8221; images=&#8221;3162,3159,3156,3153&#8243;][\/vc_column][\/vc_row][vc_row][vc_column][vc_column_text]<\/p>\n<h3>Aperitif im Park<\/h3>\n<p>[\/vc_column_text][vc_gallery type=&#8221;image_grid&#8221; images=&#8221;3150,3147,3144,3141&#8243;][\/vc_column][\/vc_row][vc_row][vc_column][vc_column_text]<\/p>\n<h3>Empfang unter der Terrassen\u00fcberdachung der Orangerie<\/h3>\n<p>[\/vc_column_text][vc_gallery type=&#8221;image_grid&#8221; images=&#8221;3138,3135,3132,3129&#8243;][\/vc_column][\/vc_row][vc_row][vc_column][vc_column_text]<\/p>\n<h3>Empfang im Saal der Orangerie<\/h3>\n<p>[\/vc_column_text][vc_gallery type=&#8221;image_grid&#8221; images=&#8221;3126,3123,3120,3117&#8243;][\/vc_column][\/vc_row][vc_row][vc_column][vc_column_text]<\/p>\n<h3>Der alte Hof die Castellana<\/h3>\n<p>[\/vc_column_text][vc_gallery type=&#8221;image_grid&#8221; images=&#8221;3114,3111,3108,3105&#8243;][\/vc_column][\/vc_row][vc_row][vc_column][vc_column_text]<\/p>\n<h3>Der Hof<\/h3>\n<p>[\/vc_column_text][vc_gallery type=&#8221;image_grid&#8221; images=&#8221;3018,3108,3111,3177&#8243;][\/vc_column][\/vc_row][vc_row][vc_column][vc_column_text]<\/p>\n<h3>Der Saal der antiken Stallungen<\/h3>\n<p>[\/vc_column_text][vc_gallery type=&#8221;image_grid&#8221; images=&#8221;3102,3099,3096,3093&#8243;][\/vc_column][\/vc_row][vc_row][vc_column][vc_column_text]<\/p>\n<h3>Der Saal des  antiken Weinkdepot<\/h3>\n<p>[\/vc_column_text][vc_gallery type=&#8221;image_grid&#8221; images=&#8221;3090,3087,3083,3080&#8243;][\/vc_column][\/vc_row][vc_row][vc_column][vc_column_text]<\/p>\n<h3>Die Scheune<\/h3>\n<p>[\/vc_column_text][vc_gallery type=&#8221;image_grid&#8221; images=&#8221;3077,3074,3071,3068&#8243;][\/vc_column][\/vc_row][vc_row][vc_column][vc_empty_space][vc_column_text]<\/p>\n<p style=\"text-align: center;\"><strong>Copyright www.castellodipralormo.com, ALLE RECHTE VORBEHALTEN!<\/strong><\/p>\n<p>[\/vc_column_text][vc_empty_space][vc_column_text]<strong>Organisatorische Anmerkungen:<\/strong><br \/>\nVor dem Schloss gibt es einen gro\u00dfen Privatparkplatz f\u00fcr die Fahrzeuge der G\u00e4ste. Das Schloss von Pralormo nimmt nur eine Veranstaltung pro Tag an. Der Kunde hat die M\u00f6glichkeit einen der beiden beschriebenen Geb\u00e4ude zu mieten, oder auch beide zusammen (z.b. Die Orangerie zum Aperitif und das Castellana zum Mittagessen) Bei der Augenscheinseinnahme geben wir dem Kunden eine Liste mit den von uns zugelassenen Catering Servicen.  F\u00fcr Konferenzen und  Meetings ist das Schloss technisch nicht ausger\u00fcstet: Der Kunde kann selbst Vorkehrungen treffen, oder aber einen Kostenvoranschlag an unsere Organisation erfragen und wir sorgen mit unseren \u00fcblichen PartnerFirmen daf\u00fcr. Wir m\u00f6chten au\u00dferdem darauf hinweisen das bei den Meetings f\u00fcr die  Teilnehmer das Angebot einer Schlossrundf\u00fchrung besteht.  Ausserdem ist es in  besonderen  F\u00e4llen m\u00f6glich, die Herren des Schlosses,  die  Grafen von Pralormo, pers\u00f6nlich als Gastgeber zu erleben, bei evtl Galafeiern (bis zu 80 Personen) im Ehrensaal des  Schlosses. Diese M\u00f6glichkeit entscheiden die Besitzer von Fall zu Fall.  <\/p>\n<p style=\"text-align: center;\">F\u00dcR WEITERE INFORMATIONEN, RESEVIERUNGEN, AUGENSCHEINSEINNAHME DES SCHLOSSES UND DER R\u00c4UMLICHKEITEN KONTAKTIEREN SIE DAS SEKRETARIAT:<\/p>\n<p style=\"text-align: center;\"><strong>011.884870\/8140981 von Montag bis Freitag mit Fahrplan 9\/13-14\/17<\/strong><\/p>\n<p>[\/vc_column_text][\/vc_column][\/vc_row]<\/p>\n","protected":false},"excerpt":{"rendered":"<p>[vc_row wrap_container=&#8221;yes&#8221; css=&#8221;.vc_custom_1504021655198{margin-top: -10px !important;}&#8221;][vc_column width=&#8221;3\/4&#8243;][vc_column_text] Location und Hochzeiten [\/vc_column_text][vc_column_text] Im Zauberhaften Rahmen des Schlosses von Pralormo sind Standesamtliche Trauungen m\u00f6glich. [\/vc_column_text][vc_single_image image=&#8221;2985&#8243; img_size=&#8221;full&#8221; alignment=&#8221;center&#8221;][vc_column_text]Die Trauung vollzogen an einem Ort wie das Schloss von Pralormo mit seinem hohen k\u00fcnstlerischen und geschichtlichen Wert, verspricht zu einem einzigartigen und unverge\u00dflichen Erlebnis f\u00fcr so eine Feierlichkeit sowohl f\u00fcr [&hellip;]<\/p>\n","protected":false},"author":1,"featured_media":0,"parent":0,"menu_order":0,"comment_status":"closed","ping_status":"closed","template":"","meta":[],"tags":[],"yoast_head":"<!-- This site is optimized with the Yoast SEO plugin v16.1.1 - https:\/\/yoast.com\/wordpress\/plugins\/seo\/ -->\n<title>Location und Hochzeiten - Castello di Pralormo<\/title>\n<link rel=\"canonical\" href=\"https:\/\/castellodipralormo.com\/de\/location-und-hochzeiten\/\" \/>\n<meta property=\"og:locale\" content=\"de_DE\" \/>\n<meta property=\"og:type\" content=\"article\" \/>\n<meta property=\"og:title\" content=\"Location und Hochzeiten - Castello di Pralormo\" \/>\n<meta property=\"og:description\" content=\"[vc_row wrap_container=&#8221;yes&#8221; css=&#8221;.vc_custom_1504021655198{margin-top: -10px !important;}&#8221;][vc_column width=&#8221;3\/4&#8243;][vc_column_text] Location und Hochzeiten [\/vc_column_text][vc_column_text] Im Zauberhaften Rahmen des Schlosses von Pralormo sind Standesamtliche Trauungen m\u00f6glich. [\/vc_column_text][vc_single_image image=&#8221;2985&#8243; img_size=&#8221;full&#8221; alignment=&#8221;center&#8221;][vc_column_text]Die Trauung vollzogen an einem Ort wie das Schloss von Pralormo mit seinem hohen k\u00fcnstlerischen und geschichtlichen Wert, verspricht zu einem einzigartigen und unverge\u00dflichen Erlebnis f\u00fcr so eine Feierlichkeit sowohl f\u00fcr [&hellip;]\" \/>\n<meta property=\"og:url\" content=\"https:\/\/castellodipralormo.com\/de\/location-und-hochzeiten\/\" \/>\n<meta property=\"og:site_name\" content=\"Castello di Pralormo\" \/>\n<meta property=\"article:modified_time\" content=\"2018-04-09T07:47:12+00:00\" \/>\n<meta name=\"twitter:card\" content=\"summary\" \/>\n<meta name=\"twitter:label1\" content=\"Gesch\u00e4tzte Lesezeit\">\n\t<meta name=\"twitter:data1\" content=\"7 Minuten\">\n<script type=\"application\/ld+json\" class=\"yoast-schema-graph\">{\"@context\":\"https:\/\/schema.org\",\"@graph\":[{\"@type\":\"WebSite\",\"@id\":\"https:\/\/castellodipralormo.com\/#website\",\"url\":\"https:\/\/castellodipralormo.com\/\",\"name\":\"Castello di Pralormo\",\"description\":\"\",\"potentialAction\":[{\"@type\":\"SearchAction\",\"target\":\"https:\/\/castellodipralormo.com\/?s={search_term_string}\",\"query-input\":\"required name=search_term_string\"}],\"inLanguage\":\"de-DE\"},{\"@type\":\"WebPage\",\"@id\":\"https:\/\/castellodipralormo.com\/de\/location-und-hochzeiten\/#webpage\",\"url\":\"https:\/\/castellodipralormo.com\/de\/location-und-hochzeiten\/\",\"name\":\"Location und Hochzeiten - Castello di Pralormo\",\"isPartOf\":{\"@id\":\"https:\/\/castellodipralormo.com\/#website\"},\"datePublished\":\"2018-03-30T10:29:54+00:00\",\"dateModified\":\"2018-04-09T07:47:12+00:00\",\"breadcrumb\":{\"@id\":\"https:\/\/castellodipralormo.com\/de\/location-und-hochzeiten\/#breadcrumb\"},\"inLanguage\":\"de-DE\",\"potentialAction\":[{\"@type\":\"ReadAction\",\"target\":[\"https:\/\/castellodipralormo.com\/de\/location-und-hochzeiten\/\"]}]},{\"@type\":\"BreadcrumbList\",\"@id\":\"https:\/\/castellodipralormo.com\/de\/location-und-hochzeiten\/#breadcrumb\",\"itemListElement\":[{\"@type\":\"ListItem\",\"position\":1,\"item\":{\"@type\":\"WebPage\",\"@id\":\"https:\/\/castellodipralormo.com\/de\/\",\"url\":\"https:\/\/castellodipralormo.com\/de\/\",\"name\":\"Home\"}},{\"@type\":\"ListItem\",\"position\":2,\"item\":{\"@type\":\"WebPage\",\"@id\":\"https:\/\/castellodipralormo.com\/de\/location-und-hochzeiten\/\",\"url\":\"https:\/\/castellodipralormo.com\/de\/location-und-hochzeiten\/\",\"name\":\"Location und Hochzeiten\"}}]}]}<\/script>\n<!-- \/ Yoast SEO plugin. -->","_links":{"self":[{"href":"https:\/\/castellodipralormo.com\/de\/wp-json\/wp\/v2\/pages\/4359"}],"collection":[{"href":"https:\/\/castellodipralormo.com\/de\/wp-json\/wp\/v2\/pages"}],"about":[{"href":"https:\/\/castellodipralormo.com\/de\/wp-json\/wp\/v2\/types\/page"}],"author":[{"embeddable":true,"href":"https:\/\/castellodipralormo.com\/de\/wp-json\/wp\/v2\/users\/1"}],"replies":[{"embeddable":true,"href":"https:\/\/castellodipralormo.com\/de\/wp-json\/wp\/v2\/comments?post=4359"}],"version-history":[{"count":31,"href":"https:\/\/castellodipralormo.com\/de\/wp-json\/wp\/v2\/pages\/4359\/revisions"}],"predecessor-version":[{"id":4413,"href":"https:\/\/castellodipralormo.com\/de\/wp-json\/wp\/v2\/pages\/4359\/revisions\/4413"}],"wp:attachment":[{"href":"https:\/\/castellodipralormo.com\/de\/wp-json\/wp\/v2\/media?parent=4359"}],"wp:term":[{"taxonomy":"post_tag","embeddable":true,"href":"https:\/\/castellodipralormo.com\/de\/wp-json\/wp\/v2\/tags?post=4359"}],"curies":[{"name":"wp","href":"https:\/\/api.w.org\/{rel}","templated":true}]}}